{"id":1837,"date":"2024-09-17T09:36:26","date_gmt":"2024-09-17T09:36:26","guid":{"rendered":"https:\/\/www.funasskilodge.com\/om-funas-ski-lodge-2-copy\/"},"modified":"2025-09-04T09:37:09","modified_gmt":"2025-09-04T09:37:09","slug":"begivenhetsmalerier-i-funasfjallen","status":"publish","type":"page","link":"https:\/\/www.funasskilodge.com\/no\/begivenhetsmalerier-i-funasfjallen\/","title":{"rendered":"Arrangementer og konkurranser i Fun\u00e4sfj\u00e4llen"},"content":{"rendered":"<section class=\"w-full bg-white pt-8 pb-5\">\n\t<div class=\"flex flex-col items-center justify-start w-full gap-8 m-auto outer-contain desktop-sm:px-4\">\n\t\t<div class=\"flex flex-col items-center justify-start w-full gap-7\">\n\n\t\t\t<div class=\"flex flex-col items-center justify-start gap-6 max-w-[940px] text-center\">\n\t\t\t\t<h2 class=\"text-black\">Arrangementer og konkurranser i Fun\u00e4sfj\u00e4llen<\/h2>\n\t\t\t\t<p class=\"-large text-trueBlack\">Oppdag alt som skjer i Fun\u00e4sfj\u00e4llen! Her finner du v\u00e5r fullspekkede arrangementskalender med alt fra fartsfylte skikonkurranser til koselige markeder og familieaktiviteter. Uansett \u00e5rstid finnes det noe for alle - perfekt for deg som vil oppleve fjellet p\u00e5 en morsom og uforglemmelig m\u00e5te!<\/p>\n\t\t\t<\/div>\n\t\t<\/div>\n\t<\/div>\n<\/section>\n\n\n<section class=\"w-full bg-white pt-7 pb-0\">\n\t<div class=\"w-full m-auto outer-contain\">\n\n\t\t<div class=\"grid w-full grid-cols-3 gap-5 tablet:grid-cols-1 tablet:max-w-[40rem] mobile:max-w-none tablet:m-auto desktop-sm:px-4 place-items-start\">\n\t\t\t\n\t\t\t\t\t<div class=\"flex flex-col justify-start w-full gap-5\">\n\t\t\t\t\t\t\t\t\t\t\t\t\t<a href=\"https:\/\/k-v.se\/festivaler\/the-funas-festival-2024\" target=\"_blank\">\n\t\t\t\t\t\t\t\t<img decoding=\"async\" class=\"rounded-[20px] w-full h-[320px] desktop-sm:h-[380px] mobile:h-[280px] object-cover\" src=\"https:\/\/www.funasskilodge.com\/wp-content\/uploads\/2024\/09\/funas_festival_rityta-1-scaled-1.jpg\" alt=\"\">\n\t\t\t\t\t\t\t<\/a>\n\t\t\t\t\t\t\t\t\t\t\t\t<div class=\"flex flex-col items-start justify-start gap-3 px-5\">\n\t\t\t\t\t\t\t<h4>Fun\u00e4sfj\u00e4llen <\/br> <\/br>.Fun\u00e4s-festivalen<\/h4>\n\t\t\t\t\t\t\t<p>Fun\u00e4s-festivalen arrangeres i september i Fun\u00e4sfj\u00e4llen, med flere fantastiske konserter og artister, og festivalen p\u00e5g\u00e5r i seks dager i et magisk fjellmilj\u00f8.<\/p>\n\t\t\t\t\t\t\t\t\t\t\t\t\t\t\t<a href=\"https:\/\/k-v.se\/festivaler\/the-funas-festival-2024\" target=\"_blank\" class=\"transition-colors duration-150 ease-in-out hover:text-black\">Les mer om Fun\u00e4s-festivalen &gt; Fun\u00e4s Festival<\/a>\n\t\t\t\t\t\t\t\t\t\t\t\t\t<\/div>\n\t\t\t\t\t<\/div>\n\t\t\t\t\n\t\t\t\t\t<div class=\"flex flex-col justify-start w-full gap-5\">\n\t\t\t\t\t\t\t\t\t\t\t\t\t<a href=\"https:\/\/www.tanndalen.com\/boende\/erbjudanden\/hoestlov-och-skidpremiaer\" target=\"_blank\">\n\t\t\t\t\t\t\t\t<img decoding=\"async\" class=\"rounded-[20px] w-full h-[320px] desktop-sm:h-[380px] mobile:h-[280px] object-cover\" src=\"https:\/\/www.funasskilodge.com\/wp-content\/uploads\/2024\/09\/EJANSSON-HIGH-06753-12822638-Foto_Emrik__Jansson-scaled.jpg\" alt=\"\">\n\t\t\t\t\t\t\t<\/a>\n\t\t\t\t\t\t\t\t\t\t\t\t<div class=\"flex flex-col items-start justify-start gap-3 px-5\">\n\t\t\t\t\t\t\t<h4>T\u00e4nndalen <\/br> <\/br>.\u00c5pning for skipremiere<\/h4>\n\t\t\t\t\t\t\t<p>T\u00e4nndalens heiser \u00e5pner akkurat i tide til uke 44 og h\u00f8stferien! Nyt nypreparerte bakker og flott skikj\u00f8ring for hele familien. Velkommen til vinter i T\u00e4nndalen!<\/p>\n\t\t\t\t\t\t\t\t\t\t\t\t\t\t\t<a href=\"https:\/\/www.tanndalen.com\/boende\/erbjudanden\/hoestlov-och-skidpremiaer\" target=\"_blank\" class=\"transition-colors duration-150 ease-in-out hover:text-black\">Les mer om skipremieren i T\u00e4nndalen &gt;<\/a>\n\t\t\t\t\t\t\t\t\t\t\t\t\t<\/div>\n\t\t\t\t\t<\/div>\n\t\t\t\t\n\t\t\t\t\t<div class=\"flex flex-col justify-start w-full gap-5\">\n\t\t\t\t\t\t\t\t\t\t\t\t\t<a href=\"https:\/\/www.bruksvallsloppet.se\" target=\"_blank\">\n\t\t\t\t\t\t\t\t<img decoding=\"async\" class=\"rounded-[20px] w-full h-[320px] desktop-sm:h-[380px] mobile:h-[280px] object-cover\" src=\"https:\/\/www.funasskilodge.com\/wp-content\/uploads\/2024\/09\/52512081846_845402e2a2_k-1536x1029-1.jpg\" alt=\"\">\n\t\t\t\t\t\t\t<\/a>\n\t\t\t\t\t\t\t\t\t\t\t\t<div class=\"flex flex-col items-start justify-start gap-3 px-5\">\n\t\t\t\t\t\t\t<h4>Bruksvallarna<\/br> <\/br>.Bruksvallsloppet<\/h4>\n\t\t\t\t\t\t\t<p>Burksvallsloppet arrangeres i november og tiltrekker seg b\u00e5de profesjonelle og amat\u00f8rer. L\u00f8pet har flere distanser og g\u00e5r gjennom storsl\u00e5tt utsikt i Fun\u00e4sfj\u00e4llen.<\/p>\n\t\t\t\t\t\t\t\t\t\t\t\t\t\t\t<a href=\"https:\/\/www.bruksvallsloppet.se\" target=\"_blank\" class=\"transition-colors duration-150 ease-in-out hover:text-black\">Les mer om Bruksvallsloppet &gt;<\/a>\n\t\t\t\t\t\t\t\t\t\t\t\t\t<\/div>\n\t\t\t\t\t<\/div>\n\t\t\t\t\t\t\t\t\t<\/div>\n\t<\/div>\n<\/section>\n\n\n<section class=\"w-full bg-white pt-7 pb-0\">\n\t<div class=\"w-full m-auto outer-contain\">\n\n\t\t<div class=\"grid w-full grid-cols-3 gap-5 tablet:grid-cols-1 tablet:max-w-[40rem] mobile:max-w-none tablet:m-auto desktop-sm:px-4 place-items-start\">\n\t\t\t\n\t\t\t\t\t<div class=\"flex flex-col justify-start w-full gap-5\">\n\t\t\t\t\t\t\t\t\t\t\t\t\t<a href=\"https:\/\/www.funasskilodge.com\/no\/funas-dalen\/\" target=\"\">\n\t\t\t\t\t\t\t\t<img decoding=\"async\" class=\"rounded-[20px] w-full h-[320px] desktop-sm:h-[380px] mobile:h-[280px] object-cover\" src=\"https:\/\/www.funasskilodge.com\/wp-content\/uploads\/2024\/07\/funasskidor.jpg\" alt=\"\">\n\t\t\t\t\t\t\t<\/a>\n\t\t\t\t\t\t\t\t\t\t\t\t<div class=\"flex flex-col items-start justify-start gap-3 px-5\">\n\t\t\t\t\t\t\t<h4>Fun\u00e4sberget <\/br> <\/br>.\u00c5pning av sesongen<\/h4>\n\t\t\t\t\t\t\t<p>I slutten av november \u00e5pner Fun\u00e4sdalsberget for sesongen! \u00d8nsk vinteren velkommen med fantastisk skikj\u00f8ring og herlige opplevelser i bakken. Start sesongen p\u00e5 beste m\u00e5te i Fun\u00e4sfj\u00e4llen!<\/p>\n\t\t\t\t\t\t\t\t\t\t\t\t\t\t\t<a href=\"https:\/\/www.funasskilodge.com\/no\/funas-dalen\/\" target=\"\" class=\"transition-colors duration-150 ease-in-out hover:text-black\">Les mer om Fun\u00e4sberget<\/a>\n\t\t\t\t\t\t\t\t\t\t\t\t\t<\/div>\n\t\t\t\t\t<\/div>\n\t\t\t\t\n\t\t\t\t\t<div class=\"flex flex-col justify-start w-full gap-5\">\n\t\t\t\t\t\t\t\t\t\t\t\t\t<a href=\"https:\/\/www.fis-ski.com\/DB\/alpine-skiing\/calendar-results.html?eventselection=&#038;place=Funaesdalen&#038;sectorcode=AL&#038;seasoncode=2025&#038;categorycode=&#038;disciplinecode=&#038;gendercode=&#038;racedate=&#038;racecodex=&#038;nationcode=&#038;seasonmonth=X-2025&#038;saveselection=-1&#038;seasonselection=\" target=\"_blank\">\n\t\t\t\t\t\t\t\t<img decoding=\"async\" class=\"rounded-[20px] w-full h-[320px] desktop-sm:h-[380px] mobile:h-[280px] object-cover\" src=\"https:\/\/www.funasskilodge.com\/wp-content\/uploads\/2024\/08\/orderid-5-scaled-1.jpg\" alt=\"\">\n\t\t\t\t\t\t\t<\/a>\n\t\t\t\t\t\t\t\t\t\t\t\t<div class=\"flex flex-col items-start justify-start gap-3 px-5\">\n\t\t\t\t\t\t\t<h4>Fun\u00e4sdaldalsberget<\/br> <\/br>. FIS-konkurranser<\/h4>\n\t\t\t\t\t\t\t<p>I m\u00e5nedsskiftet november-desember arrangeres det FIS-konkurranser i storslal\u00e5m og slal\u00e5m for menn og kvinner p\u00e5 Fun\u00e4sdalsberget i Fun\u00e4sdalen! <\/p>\n\t\t\t\t\t\t\t\t\t\t\t\t\t\t\t<a href=\"https:\/\/www.fis-ski.com\/DB\/alpine-skiing\/calendar-results.html?eventselection=&#038;place=Funaesdalen&#038;sectorcode=AL&#038;seasoncode=2025&#038;categorycode=&#038;disciplinecode=&#038;gendercode=&#038;racedate=&#038;racecodex=&#038;nationcode=&#038;seasonmonth=X-2025&#038;saveselection=-1&#038;seasonselection=\" target=\"_blank\" class=\"transition-colors duration-150 ease-in-out hover:text-black\">Les mer om FIS-konkurransene &gt;<\/a>\n\t\t\t\t\t\t\t\t\t\t\t\t\t<\/div>\n\t\t\t\t\t<\/div>\n\t\t\t\t\n\t\t\t\t\t<div class=\"flex flex-col justify-start w-full gap-5\">\n\t\t\t\t\t\t\t\t\t\t\t\t\t<a href=\"https:\/\/10kalpine.com\/funasfjallen-winter-opening-2024\" target=\"_blank\">\n\t\t\t\t\t\t\t\t<img decoding=\"async\" class=\"rounded-[20px] w-full h-[320px] desktop-sm:h-[380px] mobile:h-[280px] object-cover\" src=\"https:\/\/www.funasskilodge.com\/wp-content\/uploads\/2024\/09\/DSCF9331-1536x1057-1.jpg\" alt=\"\">\n\t\t\t\t\t\t\t<\/a>\n\t\t\t\t\t\t\t\t\t\t\t\t<div class=\"flex flex-col items-start justify-start gap-3 px-5\">\n\t\t\t\t\t\t\t<h4>Fun\u00e4sdalen<\/br> <\/br>. Fun\u00e4sfj\u00e4llen vinter\u00e5pning<\/h4>\n\t\t\t\t\t\t\t<p>Fun\u00e4sfj\u00e4llen Winter Opening - FWO2026 - er forel\u00f8pig planlagt til begynnelsen av januar. Fun\u00e4sfj\u00e4llen Winter Opening byr p\u00e5 trening og konkurranser. <\/p>\n\t\t\t\t\t\t\t\t\t\t\t\t\t\t\t<a href=\"https:\/\/10kalpine.com\/funasfjallen-winter-opening-2024\" target=\"_blank\" class=\"transition-colors duration-150 ease-in-out hover:text-black\">Les mer om FWO2025 &gt;<\/a>\n\t\t\t\t\t\t\t\t\t\t\t\t\t<\/div>\n\t\t\t\t\t<\/div>\n\t\t\t\t\t\t\t\t\t<\/div>\n\t<\/div>\n<\/section>\n\n\n<section class=\"w-full bg-white pt-7 pb-0\">\n\t<div class=\"w-full m-auto outer-contain\">\n\n\t\t<div class=\"grid w-full grid-cols-3 gap-5 tablet:grid-cols-1 tablet:max-w-[40rem] mobile:max-w-none tablet:m-auto desktop-sm:px-4 place-items-start\">\n\t\t\t\n\t\t\t\t\t<div class=\"flex flex-col justify-start w-full gap-5\">\n\t\t\t\t\t\t\t\t\t\t\t\t\t<a href=\"https:\/\/rorosmartnan.no\" target=\"_blank\">\n\t\t\t\t\t\t\t\t<img decoding=\"async\" class=\"rounded-[20px] w-full h-[320px] desktop-sm:h-[380px] mobile:h-[280px] object-cover\" src=\"https:\/\/www.funasskilodge.com\/wp-content\/uploads\/2024\/09\/Dansepar_sno-Oyeblikket-Foto-2018-kopi.jpg\" alt=\"\">\n\t\t\t\t\t\t\t<\/a>\n\t\t\t\t\t\t\t\t\t\t\t\t<div class=\"flex flex-col items-start justify-start gap-3 px-5\">\n\t\t\t\t\t\t\t<h4>R\u00f6ros(NO)<\/br> <\/br>.R\u00f6ros Martnan<\/h4>\n\t\t\t\t\t\t\t<p>R\u00f8rosmartnan arrangeres i midten av februar. R\u00f8rosmartnan er et tradisjonsrikt marked som byr p\u00e5 fem dager med h\u00e5ndverk, kultur og festligheter i den historiske fjellbygda R\u00f8ros.\r\n<\/p>\n\t\t\t\t\t\t\t\t\t\t\t\t\t\t\t<a href=\"https:\/\/rorosmartnan.no\" target=\"_blank\" class=\"transition-colors duration-150 ease-in-out hover:text-black\">Les mer om R\u00f8ros Martnan &gt;<\/a>\n\t\t\t\t\t\t\t\t\t\t\t\t\t<\/div>\n\t\t\t\t\t<\/div>\n\t\t\t\t\n\t\t\t\t\t<div class=\"flex flex-col justify-start w-full gap-5\">\n\t\t\t\t\t\t\t\t\t\t\t\t\t<a href=\"https:\/\/www.svenskalag.se\/vifalpina\/sida\/108882\/lvc-mvc-usm-2025\" target=\"_blank\">\n\t\t\t\t\t\t\t\t<img decoding=\"async\" class=\"rounded-[20px] w-full h-[320px] desktop-sm:h-[380px] mobile:h-[280px] object-cover\" src=\"https:\/\/www.funasskilodge.com\/wp-content\/uploads\/2024\/09\/SMALL-00009-Lilla-varldscupen-final-mars-2023-GotalandLVC23-4181-Foto-Niklas-Axhede.jpg\" alt=\"\">\n\t\t\t\t\t\t\t<\/a>\n\t\t\t\t\t\t\t\t\t\t\t\t<div class=\"flex flex-col items-start justify-start gap-3 px-5\">\n\t\t\t\t\t\t\t<h4>T\u00e4nndalen<\/br> <\/br>.MVC-finalen<\/h4>\n\t\t\t\t\t\t\t<p>Finalen i Mini World Cup (MVC) for U12 arrangeres i T\u00e4nndalen i slutten av mars. Det blir en spennende avslutning for de unge skil\u00f8perne!<\/p>\n\t\t\t\t\t\t\t\t\t\t\t\t\t\t\t<a href=\"https:\/\/www.svenskalag.se\/vifalpina\/sida\/108882\/lvc-mvc-usm-2025\" target=\"_blank\" class=\"transition-colors duration-150 ease-in-out hover:text-black\">Les mer om MVC-finalene &gt;<\/a>\n\t\t\t\t\t\t\t\t\t\t\t\t\t<\/div>\n\t\t\t\t\t<\/div>\n\t\t\t\t\n\t\t\t\t\t<div class=\"flex flex-col justify-start w-full gap-5\">\n\t\t\t\t\t\t\t\t\t\t\t\t\t<a href=\"https:\/\/www.svenskalag.se\/vifalpina\/sida\/108882\/lvc-mvc-usm-2025\" target=\"_blank\">\n\t\t\t\t\t\t\t\t<img decoding=\"async\" class=\"rounded-[20px] w-full h-[320px] desktop-sm:h-[380px] mobile:h-[280px] object-cover\" src=\"https:\/\/www.funasskilodge.com\/wp-content\/uploads\/2024\/09\/SMALL-Lilla-varldscupen-final-mars-2023-GotalandLVC23-2762Foto-Niklas-Axhede.jpg\" alt=\"\">\n\t\t\t\t\t\t\t<\/a>\n\t\t\t\t\t\t\t\t\t\t\t\t<div class=\"flex flex-col items-start justify-start gap-3 px-5\">\n\t\t\t\t\t\t\t<h4>Fun\u00e4sdalen<\/br> <\/br>.LVC-finalen<\/h4>\n\t\t\t\t\t\t\t<p>Finalen i Little World Cup (LVC) for U14 arrangeres av Fun\u00e4sdalen SK og avholdes i Fun\u00e4sdalen i slutten av mars og begynnelsen av april.\r\n<\/p>\n\t\t\t\t\t\t\t\t\t\t\t\t\t\t\t<a href=\"https:\/\/www.svenskalag.se\/vifalpina\/sida\/108882\/lvc-mvc-usm-2025\" target=\"_blank\" class=\"transition-colors duration-150 ease-in-out hover:text-black\">Les mer om LVC-finalen &gt;<\/a>\n\t\t\t\t\t\t\t\t\t\t\t\t\t<\/div>\n\t\t\t\t\t<\/div>\n\t\t\t\t\t\t\t\t\t<\/div>\n\t<\/div>\n<\/section>\n\n\n<section class=\"w-full bg-white pt-7 pb-0\">\n\t<div class=\"w-full m-auto outer-contain\">\n\n\t\t<div class=\"grid w-full grid-cols-3 gap-5 tablet:grid-cols-1 tablet:max-w-[40rem] mobile:max-w-none tablet:m-auto desktop-sm:px-4 place-items-start\">\n\t\t\t\n\t\t\t\t\t<div class=\"flex flex-col justify-start w-full gap-5\">\n\t\t\t\t\t\t\t\t\t\t\t\t\t<a href=\"https:\/\/www.fjalltopploppet.se\" target=\"_blank\">\n\t\t\t\t\t\t\t\t<img decoding=\"async\" class=\"rounded-[20px] w-full h-[320px] desktop-sm:h-[380px] mobile:h-[280px] object-cover\" src=\"https:\/\/www.funasskilodge.com\/wp-content\/uploads\/2024\/09\/52837517939_9499fbb283_6k-1900x520-1.jpg\" alt=\"\">\n\t\t\t\t\t\t\t<\/a>\n\t\t\t\t\t\t\t\t\t\t\t\t<div class=\"flex flex-col items-start justify-start gap-3 px-5\">\n\t\t\t\t\t\t\t<h4>Bruksvallarna<\/br> <\/br>.Fj\u00e4lltopploppet<\/h4>\n\t\t\t\t\t\t\t<p>Fj\u00e4lltopp-helgen i Bruksvallarna, som arrangeres i midten av april. H\u00f8ydepunktet er Fj\u00e4lltopploppet, der b\u00e5de erfarne skil\u00f8pere og nybegynnere kan konkurrere i naturskj\u00f8nne fjellomgivelser.<\/p>\n\t\t\t\t\t\t\t\t\t\t\t\t\t\t\t<a href=\"https:\/\/www.fjalltopploppet.se\" target=\"_blank\" class=\"transition-colors duration-150 ease-in-out hover:text-black\">Les mer om Fj\u00e4lltopploppet &gt;<\/a>\n\t\t\t\t\t\t\t\t\t\t\t\t\t<\/div>\n\t\t\t\t\t<\/div>\n\t\t\t\t\n\t\t\t\t\t<div class=\"flex flex-col justify-start w-full gap-5\">\n\t\t\t\t\t\t\t\t\t\t\t\t\t<a href=\"https:\/\/www.instagram.com\/p\/DAL5qheoWwh\/?igsh=Mmp3OWlndDMzeWU=\" target=\"_blank\">\n\t\t\t\t\t\t\t\t<img decoding=\"async\" class=\"rounded-[20px] w-full h-[320px] desktop-sm:h-[380px] mobile:h-[280px] object-cover\" src=\"https:\/\/www.funasskilodge.com\/wp-content\/uploads\/2024\/09\/1-22-2000x1333-1.jpg\" alt=\"\">\n\t\t\t\t\t\t\t<\/a>\n\t\t\t\t\t\t\t\t\t\t\t\t<div class=\"flex flex-col items-start justify-start gap-3 px-5\">\n\t\t\t\t\t\t\t<h4>T\u00e4nndalen<\/br> <\/br>.Svensk mesterskap i freeski (junior)<\/h4>\n\t\t\t\t\t\t\t<p>I slutten av april arrangeres juniormesterskapet i freeski i T\u00e4nndalen. Konkurransen finner sted p\u00e5 Storkl\u00e4ppen i sentrum av T\u00e4nndalens alpine skiomr\u00e5de.<\/p>\n\t\t\t\t\t\t\t\t\t\t\t\t\t\t\t<a href=\"https:\/\/www.instagram.com\/p\/DAL5qheoWwh\/?igsh=Mmp3OWlndDMzeWU=\" target=\"_blank\" class=\"transition-colors duration-150 ease-in-out hover:text-black\">Mer informasjon kommer snart<\/a>\n\t\t\t\t\t\t\t\t\t\t\t\t\t<\/div>\n\t\t\t\t\t<\/div>\n\t\t\t\t\n\t\t\t\t\t<div class=\"flex flex-col justify-start w-full gap-5\">\n\t\t\t\t\t\t\t\t\t\t\t\t\t<a href=\"https:\/\/www.tanndalen.com\/utforska\/evenemang\/1a-maj-trofen\" target=\"_blank\">\n\t\t\t\t\t\t\t\t<img decoding=\"async\" class=\"rounded-[20px] w-full h-[320px] desktop-sm:h-[380px] mobile:h-[280px] object-cover\" src=\"https:\/\/www.funasskilodge.com\/wp-content\/uploads\/2024\/09\/traning.jpg\" alt=\"\">\n\t\t\t\t\t\t\t<\/a>\n\t\t\t\t\t\t\t\t\t\t\t\t<div class=\"flex flex-col items-start justify-start gap-3 px-5\">\n\t\t\t\t\t\t\t<h4>T\u00e4nndalen<\/br> <\/br>.1. mai Trophy<\/h4>\n\t\t\t\t\t\t\t<p>1. mai Trophy i T\u00e4nndalen, som g\u00e5r av stabelen 1.-3. mai, er en festlig avslutning p\u00e5 skisesongen. Konkurransedagen byr p\u00e5 spennende renn i v\u00e5rsolen.<\/p>\n\t\t\t\t\t\t\t\t\t\t\t\t\t\t\t<a href=\"https:\/\/www.tanndalen.com\/utforska\/evenemang\/1a-maj-trofen\" target=\"_blank\" class=\"transition-colors duration-150 ease-in-out hover:text-black\">Les mer om 1. mai-trof\u00e9et &gt;.<\/a>\n\t\t\t\t\t\t\t\t\t\t\t\t\t<\/div>\n\t\t\t\t\t<\/div>\n\t\t\t\t\t\t\t\t\t<\/div>\n\t<\/div>\n<\/section>\n\n\n<section class=\"w-full bg-white pt-7 pb-0\">\n\t<div class=\"w-full m-auto outer-contain\">\n\n\t\t<div class=\"grid w-full grid-cols-3 gap-5 tablet:grid-cols-1 tablet:max-w-[40rem] mobile:max-w-none tablet:m-auto desktop-sm:px-4 place-items-start\">\n\t\t\t\n\t\t\t\t\t<div class=\"flex flex-col justify-start w-full gap-5\">\n\t\t\t\t\t\t\t\t\t\t\t\t\t<a href=\"https:\/\/www.lidingoloppet.se\/sv\/Site\/funasfjallen\/lopp\" target=\"_blank\">\n\t\t\t\t\t\t\t\t<img decoding=\"async\" class=\"rounded-[20px] w-full h-[320px] desktop-sm:h-[380px] mobile:h-[280px] object-cover\" src=\"https:\/\/www.funasskilodge.com\/wp-content\/uploads\/2024\/09\/36053951976_bf5dc36cc9_o.jpg\" alt=\"\">\n\t\t\t\t\t\t\t<\/a>\n\t\t\t\t\t\t\t\t\t\t\t\t<div class=\"flex flex-col items-start justify-start gap-3 px-5\">\n\t\t\t\t\t\t\t<h4>Bruksvallarna<\/br> <\/br>.Liding\u00f6loppet<\/h4>\n\t\t\t\t\t\t\t<p>Liding\u00f6loppet arrangeres i midten av juli i Bruksvallarna, et spennende nytt sted for det klassiske langrennsl\u00f8pet i en utfordrende l\u00f8ype i vakre fjellomgivelser.<\/p>\n\t\t\t\t\t\t\t\t\t\t\t\t\t\t\t<a href=\"https:\/\/www.lidingoloppet.se\/sv\/Site\/funasfjallen\/lopp\" target=\"_blank\" class=\"transition-colors duration-150 ease-in-out hover:text-black\">Les mer om Liding\u00f6loppet &gt; Liding\u00f6loppet<\/a>\n\t\t\t\t\t\t\t\t\t\t\t\t\t<\/div>\n\t\t\t\t\t<\/div>\n\t\t\t\t\n\t\t\t\t\t<div class=\"flex flex-col justify-start w-full gap-5\">\n\t\t\t\t\t\t\t\t\t\t\t\t\t<a href=\"https:\/\/fjallturen.se\" target=\"_blank\">\n\t\t\t\t\t\t\t\t<img decoding=\"async\" class=\"rounded-[20px] w-full h-[320px] desktop-sm:h-[380px] mobile:h-[280px] object-cover\" src=\"https:\/\/www.funasskilodge.com\/wp-content\/uploads\/2024\/09\/41598863830_66aaeccd43_o-scaled.jpg\" alt=\"\">\n\t\t\t\t\t\t\t<\/a>\n\t\t\t\t\t\t\t\t\t\t\t\t<div class=\"flex flex-col items-start justify-start gap-3 px-5\">\n\t\t\t\t\t\t\t<h4>Fun\u00e4sfj\u00e4llen<\/br> <\/br>.Fj\u00e4llturen<\/h4>\n\t\t\t\t\t\t\t<p>Fjellturen, som forel\u00f8pig er planlagt til midten av juli i Fun\u00e4sfj\u00e4llen, er et episk terrengsykkelarrangement for b\u00e5de nybegynnere og erfarne ryttere.<\/p>\n\t\t\t\t\t\t\t\t\t\t\t\t\t\t\t<a href=\"https:\/\/fjallturen.se\" target=\"_blank\" class=\"transition-colors duration-150 ease-in-out hover:text-black\">Les mer om Fj\u00e4llturen &gt;<\/a>\n\t\t\t\t\t\t\t\t\t\t\t\t\t<\/div>\n\t\t\t\t\t<\/div>\n\t\t\t\t\n\t\t\t\t\t<div class=\"flex flex-col justify-start w-full gap-5\">\n\t\t\t\t\t\t\t\t\t\t\t\t\t<a href=\"https:\/\/hedebyfest.se\" target=\"_blank\">\n\t\t\t\t\t\t\t\t<img decoding=\"async\" class=\"rounded-[20px] w-full h-[320px] desktop-sm:h-[380px] mobile:h-[280px] object-cover\" src=\"https:\/\/www.funasskilodge.com\/wp-content\/uploads\/2024\/09\/fd2ceb34-c5d7-4a6f-9814-c7a200075746.jpeg\" alt=\"\">\n\t\t\t\t\t\t\t<\/a>\n\t\t\t\t\t\t\t\t\t\t\t\t<div class=\"flex flex-col items-start justify-start gap-3 px-5\">\n\t\t\t\t\t\t\t<h4>Heath<\/br> <\/br>.Hede Landsbyfestival<\/h4>\n\t\t\t\t\t\t\t<p>Hede Byfest, som finner sted i slutten av juli, er en festlig og livlig uke i Hede med noe for enhver smak. I l\u00f8pet av disse dagene kan bes\u00f8kende glede seg over et variert aktivitetsprogram.<\/p>\n\t\t\t\t\t\t\t\t\t\t\t\t\t\t\t<a href=\"https:\/\/hedebyfest.se\" target=\"_blank\" class=\"transition-colors duration-150 ease-in-out hover:text-black\">Les mer om Hede Landsbyfestival &gt;<\/a>\n\t\t\t\t\t\t\t\t\t\t\t\t\t<\/div>\n\t\t\t\t\t<\/div>\n\t\t\t\t\t\t\t\t\t<\/div>\n\t<\/div>\n<\/section>\n\n\n<section class=\"w-full bg-white pt-7 pb-7\">\n\t<div class=\"w-full m-auto outer-contain\">\n\n\t\t<div class=\"grid w-full grid-cols-3 gap-5 tablet:grid-cols-1 tablet:max-w-[40rem] mobile:max-w-none tablet:m-auto desktop-sm:px-4 place-items-start\">\n\t\t\t\n\t\t\t\t\t<div class=\"flex flex-col justify-start w-full gap-5\">\n\t\t\t\t\t\t\t\t\t\t\t\t\t<a href=\"http:\/\/www.hedemassan.se\" target=\"_blank\">\n\t\t\t\t\t\t\t\t<img decoding=\"async\" class=\"rounded-[20px] w-full h-[320px] desktop-sm:h-[380px] mobile:h-[280px] object-cover\" src=\"https:\/\/www.funasskilodge.com\/wp-content\/uploads\/2024\/09\/logo-hedemassan-ny.jpg\" alt=\"\">\n\t\t\t\t\t\t\t<\/a>\n\t\t\t\t\t\t\t\t\t\t\t\t<div class=\"flex flex-col items-start justify-start gap-3 px-5\">\n\t\t\t\t\t\t\t<h4>Heath<\/br> <\/br>.Hedemessen<\/h4>\n\t\t\t\t\t\t\t<p>Hedem\u00e4ssan i midten av juli er den ultimate messen for alle som elsker jakt, fiske og fritid. I l\u00f8pet av denne dagen samles entusiaster for \u00e5 oppdage det nyeste utstyret. <\/p>\n\t\t\t\t\t\t\t\t\t\t\t\t\t\t\t<a href=\"http:\/\/www.hedemassan.se\" target=\"_blank\" class=\"transition-colors duration-150 ease-in-out hover:text-black\">Les mer om Hedemessen &gt;<\/a>\n\t\t\t\t\t\t\t\t\t\t\t\t\t<\/div>\n\t\t\t\t\t<\/div>\n\t\t\t\t\n\t\t\t\t\t<div class=\"flex flex-col justify-start w-full gap-5\">\n\t\t\t\t\t\t\t\t\t\t\t\t\t<a href=\"https:\/\/www.hamratrail.se\" target=\"_blank\">\n\t\t\t\t\t\t\t\t<img decoding=\"async\" class=\"rounded-[20px] w-full h-[320px] desktop-sm:h-[380px] mobile:h-[280px] object-cover\" src=\"https:\/\/www.funasskilodge.com\/wp-content\/uploads\/2024\/09\/emeli_nilsson_HTR_2024_utvalda-29_websize.jpg\" alt=\"\">\n\t\t\t\t\t\t\t<\/a>\n\t\t\t\t\t\t\t\t\t\t\t\t<div class=\"flex flex-col items-start justify-start gap-3 px-5\">\n\t\t\t\t\t\t\t<h4>T\u00e4nndalen<\/br> <\/br>.Hamra Trail Run<\/h4>\n\t\t\t\t\t\t\t<p>Hamra Trail Run, som forel\u00f8pig finner sted i slutten av juli, er et spennende terrengl\u00f8p som byr p\u00e5 fantastiske naturopplevelser p\u00e5 varierte stier i Hamra, T\u00e4nndalen.<\/p>\n\t\t\t\t\t\t\t\t\t\t\t\t\t\t\t<a href=\"https:\/\/www.hamratrail.se\" target=\"_blank\" class=\"transition-colors duration-150 ease-in-out hover:text-black\">Les mer om Hamra Trail Run &gt;<\/a>\n\t\t\t\t\t\t\t\t\t\t\t\t\t<\/div>\n\t\t\t\t\t<\/div>\n\t\t\t\t\n\t\t\t\t\t<div class=\"flex flex-col justify-start w-full gap-5\">\n\t\t\t\t\t\t\t\t\t\t\t\t\t<a href=\"https:\/\/funasdalen365.se\/index.php\/marknad\" target=\"_blank\">\n\t\t\t\t\t\t\t\t<img decoding=\"async\" class=\"rounded-[20px] w-full h-[320px] desktop-sm:h-[380px] mobile:h-[280px] object-cover\" src=\"https:\/\/www.funasskilodge.com\/wp-content\/uploads\/2024\/09\/9201e034-caf2-4046-b1b6-d0ac03e65f61.jpeg\" alt=\"\">\n\t\t\t\t\t\t\t<\/a>\n\t\t\t\t\t\t\t\t\t\t\t\t<div class=\"flex flex-col items-start justify-start gap-3 px-5\">\n\t\t\t\t\t\t\t<h4>Fun\u00e4sdalen<\/br> <\/br>. Sommermarked<\/h4>\n\t\t\t\t\t\t\t<p>Sommermarkedet i Fun\u00e4sdalen arrangeres hver onsdag fra begynnelsen av juli til begynnelsen av august. Her kan du kj\u00f8pe lokalproduserte delikatesser og unikt h\u00e5ndverk fra lokale produsenter.<\/p>\n\t\t\t\t\t\t\t\t\t\t\t\t\t\t\t<a href=\"https:\/\/funasdalen365.se\/index.php\/marknad\" target=\"_blank\" class=\"transition-colors duration-150 ease-in-out hover:text-black\">Les mer om sommermarkedet &gt;.<\/a>\n\t\t\t\t\t\t\t\t\t\t\t\t\t<\/div>\n\t\t\t\t\t<\/div>\n\t\t\t\t\t\t\t\t\t<\/div>\n\t<\/div>\n<\/section>","protected":false},"excerpt":{"rendered":"","protected":false},"author":4,"featured_media":0,"parent":0,"menu_order":0,"comment_status":"closed","ping_status":"closed","template":"","meta":{"_acf_changed":false,"footnotes":""},"class_list":["post-1837","page","type-page","status-publish","hentry"],"acf":[],"yoast_head":"<!-- This site is optimized with the Yoast SEO plugin v26.8 - https:\/\/yoast.com\/product\/yoast-seo-wordpress\/ -->\n<title>Event &amp; T\u00e4vlingar i Fun\u00e4sfj\u00e4llen - Fun\u00e4s Ski Lodge - Boende i Fun\u00e4sdalen mitt i Fun\u00e4sfj\u00e4llen<\/title>\n<meta name=\"description\" content=\"Event &amp; T\u00e4vlingar i Fun\u00e4sfj\u00e4llen \u2013 hitta kommande aktiviteter, t\u00e4vlingar och familje\u00e4ventyr \u00e5ret runt i fj\u00e4llens fantastiska milj\u00f6.\" \/>\n<meta name=\"robots\" content=\"index, follow, max-snippet:-1, max-image-preview:large, max-video-preview:-1\" \/>\n<link rel=\"canonical\" href=\"https:\/\/www.funasskilodge.com\/no\/begivenhetsmalerier-i-funasfjallen\/\" \/>\n<meta property=\"og:locale\" content=\"nb_NO\" \/>\n<meta property=\"og:type\" content=\"article\" \/>\n<meta property=\"og:title\" content=\"Event &amp; T\u00e4vlingar i Fun\u00e4sfj\u00e4llen - Fun\u00e4s Ski Lodge - Boende i Fun\u00e4sdalen mitt i Fun\u00e4sfj\u00e4llen\" \/>\n<meta property=\"og:description\" content=\"Event &amp; T\u00e4vlingar i Fun\u00e4sfj\u00e4llen \u2013 hitta kommande aktiviteter, t\u00e4vlingar och familje\u00e4ventyr \u00e5ret runt i fj\u00e4llens fantastiska milj\u00f6.\" \/>\n<meta property=\"og:url\" content=\"https:\/\/www.funasskilodge.com\/no\/begivenhetsmalerier-i-funasfjallen\/\" \/>\n<meta property=\"og:site_name\" content=\"Fun\u00e4s Ski Lodge - Boende i Fun\u00e4sdalen mitt i Fun\u00e4sfj\u00e4llen\" \/>\n<meta property=\"article:publisher\" content=\"https:\/\/www.facebook.com\/funasskilodge\" \/>\n<meta property=\"article:modified_time\" content=\"2025-09-04T09:37:09+00:00\" \/>\n<meta name=\"twitter:card\" content=\"summary_large_image\" \/>\n<script type=\"application\/ld+json\" class=\"yoast-schema-graph\">{\"@context\":\"https:\/\/schema.org\",\"@graph\":[{\"@type\":[\"WebPage\",\"AboutPage\"],\"@id\":\"https:\/\/www.funasskilodge.com\/event-tavlingar-i-funasfjallen\/\",\"url\":\"https:\/\/www.funasskilodge.com\/event-tavlingar-i-funasfjallen\/\",\"name\":\"Event &amp; T\u00e4vlingar i Fun\u00e4sfj\u00e4llen - Fun\u00e4s Ski Lodge - Boende i Fun\u00e4sdalen mitt i Fun\u00e4sfj\u00e4llen\",\"isPartOf\":{\"@id\":\"https:\/\/www.funasskilodge.com\/#website\"},\"datePublished\":\"2024-09-17T09:36:26+00:00\",\"dateModified\":\"2025-09-04T09:37:09+00:00\",\"description\":\"Event & T\u00e4vlingar i Fun\u00e4sfj\u00e4llen \u2013 hitta kommande aktiviteter, t\u00e4vlingar och familje\u00e4ventyr \u00e5ret runt i fj\u00e4llens fantastiska milj\u00f6.\",\"breadcrumb\":{\"@id\":\"https:\/\/www.funasskilodge.com\/event-tavlingar-i-funasfjallen\/#breadcrumb\"},\"inLanguage\":\"nb-NO\",\"potentialAction\":[{\"@type\":\"ReadAction\",\"target\":[\"https:\/\/www.funasskilodge.com\/event-tavlingar-i-funasfjallen\/\"]}]},{\"@type\":\"BreadcrumbList\",\"@id\":\"https:\/\/www.funasskilodge.com\/event-tavlingar-i-funasfjallen\/#breadcrumb\",\"itemListElement\":[{\"@type\":\"ListItem\",\"position\":1,\"name\":\"Home\",\"item\":\"https:\/\/www.funasskilodge.com\/\"},{\"@type\":\"ListItem\",\"position\":2,\"name\":\"Event &amp; T\u00e4vlingar i Fun\u00e4sfj\u00e4llen\"}]},{\"@type\":\"WebSite\",\"@id\":\"https:\/\/www.funasskilodge.com\/#website\",\"url\":\"https:\/\/www.funasskilodge.com\/\",\"name\":\"Fun\u00e4s Ski Lodge\",\"description\":\"Uppt\u00e4ck skidparadiset p\u00e5 Fun\u00e4s Ski Lodge \u2013 ditt perfekta boende i Fun\u00e4sdalen i hj\u00e4rtat av Fun\u00e4sfj\u00e4llen.\",\"publisher\":{\"@id\":\"https:\/\/www.funasskilodge.com\/#organization\"},\"potentialAction\":[{\"@type\":\"SearchAction\",\"target\":{\"@type\":\"EntryPoint\",\"urlTemplate\":\"https:\/\/www.funasskilodge.com\/?s={search_term_string}\"},\"query-input\":{\"@type\":\"PropertyValueSpecification\",\"valueRequired\":true,\"valueName\":\"search_term_string\"}}],\"inLanguage\":\"nb-NO\"},{\"@type\":\"Organization\",\"@id\":\"https:\/\/www.funasskilodge.com\/#organization\",\"name\":\"Fun\u00e4s Ski Lodge\",\"url\":\"https:\/\/www.funasskilodge.com\/\",\"logo\":{\"@type\":\"ImageObject\",\"inLanguage\":\"nb-NO\",\"@id\":\"https:\/\/www.funasskilodge.com\/#\/schema\/logo\/image\/\",\"url\":\"https:\/\/www.funasskilodge.com\/wp-content\/uploads\/2024\/06\/Lager_1.svg\",\"contentUrl\":\"https:\/\/www.funasskilodge.com\/wp-content\/uploads\/2024\/06\/Lager_1.svg\",\"width\":130,\"height\":61,\"caption\":\"Fun\u00e4s Ski Lodge\"},\"image\":{\"@id\":\"https:\/\/www.funasskilodge.com\/#\/schema\/logo\/image\/\"},\"sameAs\":[\"https:\/\/www.facebook.com\/funasskilodge\",\"https:\/\/www.instagram.com\/funasskilodge\/\"]}]}<\/script>\n<!-- \/ Yoast SEO plugin. -->","yoast_head_json":{"title":"Arrangementer og konkurranser i Fun\u00e4sfj\u00e4llen - Fun\u00e4s Ski Lodge - Overnatting i Fun\u00e4sdalen i sentrum av Fun\u00e4sfj\u00e4llen","description":"Arrangementer og konkurranser i Fun\u00e4sfj\u00e4llen - finn kommende aktiviteter, konkurranser og familieopplevelser \u00e5ret rundt i de fantastiske omgivelsene i fjellet.","robots":{"index":"index","follow":"follow","max-snippet":"max-snippet:-1","max-image-preview":"max-image-preview:large","max-video-preview":"max-video-preview:-1"},"canonical":"https:\/\/www.funasskilodge.com\/no\/begivenhetsmalerier-i-funasfjallen\/","og_locale":"nb_NO","og_type":"article","og_title":"Event &amp; T\u00e4vlingar i Fun\u00e4sfj\u00e4llen - Fun\u00e4s Ski Lodge - Boende i Fun\u00e4sdalen mitt i Fun\u00e4sfj\u00e4llen","og_description":"Event & T\u00e4vlingar i Fun\u00e4sfj\u00e4llen \u2013 hitta kommande aktiviteter, t\u00e4vlingar och familje\u00e4ventyr \u00e5ret runt i fj\u00e4llens fantastiska milj\u00f6.","og_url":"https:\/\/www.funasskilodge.com\/no\/begivenhetsmalerier-i-funasfjallen\/","og_site_name":"Fun\u00e4s Ski Lodge - Boende i Fun\u00e4sdalen mitt i Fun\u00e4sfj\u00e4llen","article_publisher":"https:\/\/www.facebook.com\/funasskilodge","article_modified_time":"2025-09-04T09:37:09+00:00","twitter_card":"summary_large_image","schema":{"@context":"https:\/\/schema.org","@graph":[{"@type":["WebPage","AboutPage"],"@id":"https:\/\/www.funasskilodge.com\/event-tavlingar-i-funasfjallen\/","url":"https:\/\/www.funasskilodge.com\/event-tavlingar-i-funasfjallen\/","name":"Arrangementer og konkurranser i Fun\u00e4sfj\u00e4llen - Fun\u00e4s Ski Lodge - Overnatting i Fun\u00e4sdalen i sentrum av Fun\u00e4sfj\u00e4llen","isPartOf":{"@id":"https:\/\/www.funasskilodge.com\/#website"},"datePublished":"2024-09-17T09:36:26+00:00","dateModified":"2025-09-04T09:37:09+00:00","description":"Arrangementer og konkurranser i Fun\u00e4sfj\u00e4llen - finn kommende aktiviteter, konkurranser og familieopplevelser \u00e5ret rundt i de fantastiske omgivelsene i fjellet.","breadcrumb":{"@id":"https:\/\/www.funasskilodge.com\/event-tavlingar-i-funasfjallen\/#breadcrumb"},"inLanguage":"nb-NO","potentialAction":[{"@type":"ReadAction","target":["https:\/\/www.funasskilodge.com\/event-tavlingar-i-funasfjallen\/"]}]},{"@type":"BreadcrumbList","@id":"https:\/\/www.funasskilodge.com\/event-tavlingar-i-funasfjallen\/#breadcrumb","itemListElement":[{"@type":"ListItem","position":1,"name":"Home","item":"https:\/\/www.funasskilodge.com\/"},{"@type":"ListItem","position":2,"name":"Event &amp; T\u00e4vlingar i Fun\u00e4sfj\u00e4llen"}]},{"@type":"WebSite","@id":"https:\/\/www.funasskilodge.com\/#website","url":"https:\/\/www.funasskilodge.com\/","name":"Fun\u00e4s Ski Lodge","description":"Oppdag skiparadiset p\u00e5 Fun\u00e4s Ski Lodge - ditt perfekte overnattingssted i Fun\u00e4sdalen i hjertet av Fun\u00e4sfj\u00e4llen.","publisher":{"@id":"https:\/\/www.funasskilodge.com\/#organization"},"potentialAction":[{"@type":"SearchAction","target":{"@type":"EntryPoint","urlTemplate":"https:\/\/www.funasskilodge.com\/?s={search_term_string}"},"query-input":{"@type":"PropertyValueSpecification","valueRequired":true,"valueName":"search_term_string"}}],"inLanguage":"nb-NO"},{"@type":"Organization","@id":"https:\/\/www.funasskilodge.com\/#organization","name":"Fun\u00e4s Ski Lodge","url":"https:\/\/www.funasskilodge.com\/","logo":{"@type":"ImageObject","inLanguage":"nb-NO","@id":"https:\/\/www.funasskilodge.com\/#\/schema\/logo\/image\/","url":"https:\/\/www.funasskilodge.com\/wp-content\/uploads\/2024\/06\/Lager_1.svg","contentUrl":"https:\/\/www.funasskilodge.com\/wp-content\/uploads\/2024\/06\/Lager_1.svg","width":130,"height":61,"caption":"Fun\u00e4s Ski Lodge"},"image":{"@id":"https:\/\/www.funasskilodge.com\/#\/schema\/logo\/image\/"},"sameAs":["https:\/\/www.facebook.com\/funasskilodge","https:\/\/www.instagram.com\/funasskilodge\/"]}]}},"_links":{"self":[{"href":"https:\/\/www.funasskilodge.com\/no\/wp-json\/wp\/v2\/pages\/1837","targetHints":{"allow":["GET"]}}],"collection":[{"href":"https:\/\/www.funasskilodge.com\/no\/wp-json\/wp\/v2\/pages"}],"about":[{"href":"https:\/\/www.funasskilodge.com\/no\/wp-json\/wp\/v2\/types\/page"}],"author":[{"embeddable":true,"href":"https:\/\/www.funasskilodge.com\/no\/wp-json\/wp\/v2\/users\/4"}],"replies":[{"embeddable":true,"href":"https:\/\/www.funasskilodge.com\/no\/wp-json\/wp\/v2\/comments?post=1837"}],"version-history":[{"count":187,"href":"https:\/\/www.funasskilodge.com\/no\/wp-json\/wp\/v2\/pages\/1837\/revisions"}],"predecessor-version":[{"id":2142,"href":"https:\/\/www.funasskilodge.com\/no\/wp-json\/wp\/v2\/pages\/1837\/revisions\/2142"}],"wp:attachment":[{"href":"https:\/\/www.funasskilodge.com\/no\/wp-json\/wp\/v2\/media?parent=1837"}],"curies":[{"name":"wp","href":"https:\/\/api.w.org\/{rel}","templated":true}]}}